{"id":18,"date":"2023-05-31T07:36:48","date_gmt":"2023-05-31T07:36:48","guid":{"rendered":"https:\/\/dev-bauholz.justdo-it.at\/?page_id=18"},"modified":"2023-06-14T12:35:56","modified_gmt":"2023-06-14T12:35:56","slug":"ueber-uns","status":"publish","type":"page","link":"https:\/\/bauholz.at\/?page_id=18","title":{"rendered":"\u00dcber uns"},"content":{"rendered":"\t\t<div data-elementor-type=\"wp-page\" data-elementor-id=\"18\" class=\"elementor elementor-18\" data-elementor-post-type=\"page\">\n\t\t\t\t\t\t<section data-particle_enable=\"false\" data-particle-mobile-disabled=\"false\" class=\"elementor-section elementor-top-section elementor-element elementor-element-292dae2 elementor-section-height-min-height elementor-section-items-top elementor-section-boxed elementor-section-height-default\" data-id=\"292dae2\" data-element_type=\"section\" data-e-type=\"section\">\n\t\t\t\t\t\t<div class=\"elementor-container elementor-column-gap-default\">\n\t\t\t\t\t<div class=\"elementor-column elementor-col-100 elementor-top-column elementor-element elementor-element-f8e4953\" data-id=\"f8e4953\" data-element_type=\"column\" data-e-type=\"column\">\n\t\t\t<div class=\"elementor-widget-wrap elementor-element-populated\">\n\t\t\t\t\t\t<div class=\"elementor-element elementor-element-fcc8985 elementor-widget elementor-widget-heading\" data-id=\"fcc8985\" data-element_type=\"widget\" data-e-type=\"widget\" data-widget_type=\"heading.default\">\n\t\t\t\t<div class=\"elementor-widget-container\">\n\t\t\t\t\t<h2 class=\"elementor-heading-title elementor-size-default\">Zechner Holz<\/h2>\t\t\t\t<\/div>\n\t\t\t\t<\/div>\n\t\t\t\t\t<\/div>\n\t\t<\/div>\n\t\t\t\t\t<\/div>\n\t\t<\/section>\n\t\t\t\t<section data-particle_enable=\"false\" data-particle-mobile-disabled=\"false\" class=\"elementor-section elementor-top-section elementor-element elementor-element-6d54e07 elementor-section-boxed elementor-section-height-default elementor-section-height-default\" data-id=\"6d54e07\" data-element_type=\"section\" data-e-type=\"section\">\n\t\t\t\t\t\t<div class=\"elementor-container elementor-column-gap-default\">\n\t\t\t\t\t<div class=\"elementor-column elementor-col-50 elementor-top-column elementor-element elementor-element-d784574\" data-id=\"d784574\" data-element_type=\"column\" data-e-type=\"column\">\n\t\t\t<div class=\"elementor-widget-wrap elementor-element-populated\">\n\t\t\t\t\t\t<div class=\"elementor-element elementor-element-48e245a elementor-widget elementor-widget-image\" data-id=\"48e245a\" data-element_type=\"widget\" data-e-type=\"widget\" data-widget_type=\"image.default\">\n\t\t\t\t<div class=\"elementor-widget-container\">\n\t\t\t\t\t\t\t\t\t\t\t\t\t\t\t<img fetchpriority=\"high\" decoding=\"async\" width=\"613\" height=\"356\" src=\"https:\/\/bauholz.at\/wp-content\/uploads\/2023\/05\/Screenshot-2023-05-31-104619-e1685522976914.png\" class=\"attachment-full size-full wp-image-127\" alt=\"\" srcset=\"https:\/\/bauholz.at\/wp-content\/uploads\/2023\/05\/Screenshot-2023-05-31-104619-e1685522976914.png 613w, https:\/\/bauholz.at\/wp-content\/uploads\/2023\/05\/Screenshot-2023-05-31-104619-e1685522976914-300x174.png 300w\" sizes=\"(max-width: 613px) 100vw, 613px\" \/>\t\t\t\t\t\t\t\t\t\t\t\t\t\t\t<\/div>\n\t\t\t\t<\/div>\n\t\t\t\t\t<\/div>\n\t\t<\/div>\n\t\t\t\t<div class=\"elementor-column elementor-col-50 elementor-top-column elementor-element elementor-element-b672469\" data-id=\"b672469\" data-element_type=\"column\" data-e-type=\"column\">\n\t\t\t<div class=\"elementor-widget-wrap elementor-element-populated\">\n\t\t\t\t\t\t<div class=\"elementor-element elementor-element-8a3a2cc elementor-widget elementor-widget-heading\" data-id=\"8a3a2cc\" data-element_type=\"widget\" data-e-type=\"widget\" data-widget_type=\"heading.default\">\n\t\t\t\t<div class=\"elementor-widget-container\">\n\t\t\t\t\t<h2 class=\"elementor-heading-title elementor-size-default\">Erfahrung seit 1901 in 4. Generation<\/h2>\t\t\t\t<\/div>\n\t\t\t\t<\/div>\n\t\t\t\t<div class=\"elementor-element elementor-element-ff2975f elementor-widget elementor-widget-heading\" data-id=\"ff2975f\" data-element_type=\"widget\" data-e-type=\"widget\" data-widget_type=\"heading.default\">\n\t\t\t\t<div class=\"elementor-widget-container\">\n\t\t\t\t\t<h2 class=\"elementor-heading-title elementor-size-default\">Der Holzbetrieb Zechner ist ein Betrieb mit Tradition. Zechner steht f\u00fcr Qualit\u00e4t und Kompetenz in Sachen Holz sowie Vermietung und Verpachtung.\n\nDie Qualit\u00e4t unserer Produkte liegt uns sehr am Herzen, und deshalb verwenden wir ausschlie\u00dflich heimische H\u00f6lzer: steirisches Holz. Wir sind auf Verpackungsholz IPPC\/ISPM 15, dem Handel mit Holz und Waren aller Art, dem Erzeugen von Holzgeschenksartikel und dem Unterstellen von Wohnwagen, Wohnmobilen, Booten spezialisiert. Zechner Holz ist autorisierter und \u00fcberpr\u00fcfter Verpackungsholzanbieter. Um dem hohen Anspruch unserer Kunden gerecht zu werden, befinden wir uns sowohl technisch als auch fachlich stets auf dem neuesten Stand.\n\nDaf\u00fcr garantieren Rudi und Monika Zechner pers\u00f6nlich.<\/h2>\t\t\t\t<\/div>\n\t\t\t\t<\/div>\n\t\t\t\t\t<\/div>\n\t\t<\/div>\n\t\t\t\t\t<\/div>\n\t\t<\/section>\n\t\t\t\t<section data-particle_enable=\"false\" data-particle-mobile-disabled=\"false\" class=\"elementor-section elementor-top-section elementor-element elementor-element-928ec3b elementor-section-boxed elementor-section-height-default elementor-section-height-default\" data-id=\"928ec3b\" data-element_type=\"section\" data-e-type=\"section\">\n\t\t\t\t\t\t<div class=\"elementor-container elementor-column-gap-default\">\n\t\t\t\t\t<div class=\"elementor-column elementor-col-100 elementor-top-column elementor-element elementor-element-1f07d86\" data-id=\"1f07d86\" data-element_type=\"column\" data-e-type=\"column\">\n\t\t\t<div class=\"elementor-widget-wrap elementor-element-populated\">\n\t\t\t\t\t\t<div class=\"elementor-element elementor-element-0c170f1 elementor-widget elementor-widget-heading\" data-id=\"0c170f1\" data-element_type=\"widget\" data-e-type=\"widget\" data-widget_type=\"heading.default\">\n\t\t\t\t<div class=\"elementor-widget-container\">\n\t\t\t\t\t<h2 class=\"elementor-heading-title elementor-size-default\">Mitgr\u00fcnder Massivholz Gruppe Austria<\/h2>\t\t\t\t<\/div>\n\t\t\t\t<\/div>\n\t\t\t\t<div class=\"elementor-element elementor-element-75c40f8 elementor-widget elementor-widget-heading\" data-id=\"75c40f8\" data-element_type=\"widget\" data-e-type=\"widget\" data-widget_type=\"heading.default\">\n\t\t\t\t<div class=\"elementor-widget-container\">\n\t\t\t\t\t<h2 class=\"elementor-heading-title elementor-size-default\">Zechner Holz war ma\u00dfgeblich an der Gr\u00fcndung der Massivholz Gruppe Austria im Jahre 2004 beteiligt. Qualit\u00e4t \u00fcberzeugt auch den Kunden. Die M\u00f6glichkeit der Qualit\u00e4tssicherung ist mit der Marke MH Massivholz, der dadurch gelebten Norm DIN 4074 S 10 gegeben.<\/h2>\t\t\t\t<\/div>\n\t\t\t\t<\/div>\n\t\t\t\t\t<\/div>\n\t\t<\/div>\n\t\t\t\t\t<\/div>\n\t\t<\/section>\n\t\t\t\t<section data-particle_enable=\"false\" data-particle-mobile-disabled=\"false\" class=\"elementor-section elementor-top-section elementor-element elementor-element-a524b17 elementor-section-boxed elementor-section-height-default elementor-section-height-default\" data-id=\"a524b17\" data-element_type=\"section\" data-e-type=\"section\">\n\t\t\t\t\t\t<div class=\"elementor-container elementor-column-gap-default\">\n\t\t\t\t\t<div class=\"elementor-column elementor-col-50 elementor-top-column elementor-element elementor-element-7825b7b\" data-id=\"7825b7b\" data-element_type=\"column\" data-e-type=\"column\">\n\t\t\t<div class=\"elementor-widget-wrap elementor-element-populated\">\n\t\t\t\t\t\t<div class=\"elementor-element elementor-element-258addf elementor-widget elementor-widget-image\" data-id=\"258addf\" data-element_type=\"widget\" data-e-type=\"widget\" data-widget_type=\"image.default\">\n\t\t\t\t<div class=\"elementor-widget-container\">\n\t\t\t\t\t\t\t\t\t\t\t\t\t\t\t<img decoding=\"async\" width=\"463\" height=\"368\" src=\"https:\/\/bauholz.at\/wp-content\/uploads\/2023\/05\/Screenshot-2023-05-31-105426.png\" class=\"attachment-full size-full wp-image-138\" alt=\"\" srcset=\"https:\/\/bauholz.at\/wp-content\/uploads\/2023\/05\/Screenshot-2023-05-31-105426.png 463w, https:\/\/bauholz.at\/wp-content\/uploads\/2023\/05\/Screenshot-2023-05-31-105426-300x238.png 300w\" sizes=\"(max-width: 463px) 100vw, 463px\" \/>\t\t\t\t\t\t\t\t\t\t\t\t\t\t\t<\/div>\n\t\t\t\t<\/div>\n\t\t\t\t\t<\/div>\n\t\t<\/div>\n\t\t\t\t<div class=\"elementor-column elementor-col-50 elementor-top-column elementor-element elementor-element-354df2d\" data-id=\"354df2d\" data-element_type=\"column\" data-e-type=\"column\">\n\t\t\t<div class=\"elementor-widget-wrap elementor-element-populated\">\n\t\t\t\t\t\t<div class=\"elementor-element elementor-element-a850c97 elementor-widget elementor-widget-heading\" data-id=\"a850c97\" data-element_type=\"widget\" data-e-type=\"widget\" data-widget_type=\"heading.default\">\n\t\t\t\t<div class=\"elementor-widget-container\">\n\t\t\t\t\t<h2 class=\"elementor-heading-title elementor-size-default\">Zufriedenheit garantiert<\/h2>\t\t\t\t<\/div>\n\t\t\t\t<\/div>\n\t\t\t\t<div class=\"elementor-element elementor-element-3c15354 elementor-widget elementor-widget-heading\" data-id=\"3c15354\" data-element_type=\"widget\" data-e-type=\"widget\" data-widget_type=\"heading.default\">\n\t\t\t\t<div class=\"elementor-widget-container\">\n\t\t\t\t\t<h2 class=\"elementor-heading-title elementor-size-default\">Wir sind bem\u00fcht, all unsere Kunden zur besten Zufriedenheit zu beliefern. Wir arbeiten zuverl\u00e4ssig und termingerecht. Wir ersuchen um Verst\u00e4ndnis, dass wir f\u00fcr Kleinauftr\u00e4ge aus Zeitgr\u00fcnden keine schriftlichen Angebote erstellen k\u00f6nnen. \n<br><br>Wir stehen f\u00fcr Qualit\u00e4t und Service \u2013 seit 1901.<\/h2>\t\t\t\t<\/div>\n\t\t\t\t<\/div>\n\t\t\t\t\t<\/div>\n\t\t<\/div>\n\t\t\t\t\t<\/div>\n\t\t<\/section>\n\t\t\t\t<section data-particle_enable=\"false\" data-particle-mobile-disabled=\"false\" class=\"elementor-section elementor-top-section elementor-element elementor-element-f8099c5 elementor-section-boxed elementor-section-height-default elementor-section-height-default\" data-id=\"f8099c5\" data-element_type=\"section\" data-e-type=\"section\">\n\t\t\t\t\t\t<div class=\"elementor-container elementor-column-gap-default\">\n\t\t\t\t\t<div class=\"elementor-column elementor-col-50 elementor-top-column elementor-element elementor-element-738f282\" data-id=\"738f282\" data-element_type=\"column\" data-e-type=\"column\">\n\t\t\t<div class=\"elementor-widget-wrap elementor-element-populated\">\n\t\t\t\t\t\t<div class=\"elementor-element elementor-element-9f6d289 elementor-widget elementor-widget-heading\" data-id=\"9f6d289\" data-element_type=\"widget\" data-e-type=\"widget\" data-widget_type=\"heading.default\">\n\t\t\t\t<div class=\"elementor-widget-container\">\n\t\t\t\t\t<h2 class=\"elementor-heading-title elementor-size-default\">gelebte Nachhaltigkeit<\/h2>\t\t\t\t<\/div>\n\t\t\t\t<\/div>\n\t\t\t\t<div class=\"elementor-element elementor-element-ecbc423 elementor-widget elementor-widget-text-editor\" data-id=\"ecbc423\" data-element_type=\"widget\" data-e-type=\"widget\" data-widget_type=\"text-editor.default\">\n\t\t\t\t<div class=\"elementor-widget-container\">\n\t\t\t\t\t\t\t\t\t<p>Seit Generationen wird sparsam und sensibel mit dem Rohstoff Holz aus der Region, der verwendeten Energie, wertsch\u00e4tzend mit den Menschen, umgegangen. Im Einklang mit der Natur, verbindlich mit den Mitarbeitern und wertsch\u00e4tzend mit den Kunden, schauen wir aufeinander und sind f\u00fcreinander da. Daf\u00fcr haben wir die Verantwortung \u00fcbernommen. Das sind auch heute noch Grunds\u00e4ulen der Nachhaltigkeit. Fr\u00fcher war das selbstverst\u00e4ndlich, heutzutage ist es schon &#8230;wieder besonders. Fr\u00fcher hat man nicht dar\u00fcber gesprochen, man hat das einfach gelebt. Heute reden viele \u00fcber corporate social responsibility, kaufen um teures Geld Konzepte, die wir als Familie und Betrieb schon immer lebten &#8211; Dinge, die eigentlich auch heute noch selbstverst\u00e4ndlich sein sollten! Seit Generationen folgen wir diesem Motto, und wollen damit nicht besserwisserisch sein, sondern zeigen, dass bei uns die Nachhaltigkeit in allen Bereichen unseres Tuns gelebt wird. Aus der Region &#8211; f\u00fcr die Region &#8211; weil Zukunft Herkunft braucht.<br \/>www.bauholz.at &#8211; Zechner Holz Deutschfeistritz bei Graz<\/p>\t\t\t\t\t\t\t\t<\/div>\n\t\t\t\t<\/div>\n\t\t\t\t\t<\/div>\n\t\t<\/div>\n\t\t\t\t<div class=\"elementor-column elementor-col-50 elementor-top-column elementor-element elementor-element-5e8aa74\" data-id=\"5e8aa74\" data-element_type=\"column\" data-e-type=\"column\">\n\t\t\t<div class=\"elementor-widget-wrap elementor-element-populated\">\n\t\t\t\t\t\t<div class=\"elementor-element elementor-element-8ee5a80 elementor-widget elementor-widget-image\" data-id=\"8ee5a80\" data-element_type=\"widget\" data-e-type=\"widget\" data-widget_type=\"image.default\">\n\t\t\t\t<div class=\"elementor-widget-container\">\n\t\t\t\t\t\t\t\t\t\t\t\t\t\t\t<img decoding=\"async\" width=\"566\" height=\"360\" src=\"https:\/\/bauholz.at\/wp-content\/uploads\/2023\/05\/baum-1.png\" class=\"attachment-full size-full wp-image-144\" alt=\"\" srcset=\"https:\/\/bauholz.at\/wp-content\/uploads\/2023\/05\/baum-1.png 566w, https:\/\/bauholz.at\/wp-content\/uploads\/2023\/05\/baum-1-300x191.png 300w\" sizes=\"(max-width: 566px) 100vw, 566px\" \/>\t\t\t\t\t\t\t\t\t\t\t\t\t\t\t<\/div>\n\t\t\t\t<\/div>\n\t\t\t\t\t<\/div>\n\t\t<\/div>\n\t\t\t\t\t<\/div>\n\t\t<\/section>\n\t\t\t\t<\/div>\n\t\t","protected":false},"excerpt":{"rendered":"<p>Zechner Holz Erfahrung seit 1901 in 4. Generation Der Holzbetrieb Zechner ist ein Betrieb mit Tradition. Zechner steht f\u00fcr Qualit\u00e4t und Kompetenz in Sachen Holz sowie Vermietung und Verpachtung. Die Qualit\u00e4t unserer Produkte liegt uns sehr am Herzen, und deshalb verwenden wir ausschlie\u00dflich heimische H\u00f6lzer: steirisches Holz. Wir sind auf Verpackungsholz IPPC\/ISPM 15, dem Handel [&hellip;]<\/p>\n","protected":false},"author":2,"featured_media":0,"parent":0,"menu_order":0,"comment_status":"closed","ping_status":"closed","template":"elementor_header_footer","meta":{"footnotes":""},"class_list":["post-18","page","type-page","status-publish","hentry"],"yoast_head":"<!-- This site is optimized with the Yoast SEO plugin v27.5 - https:\/\/yoast.com\/product\/yoast-seo-wordpress\/ -->\n<title>\u00dcber uns - Bauholz<\/title>\n<meta name=\"robots\" content=\"index, follow, max-snippet:-1, max-image-preview:large, max-video-preview:-1\" \/>\n<link rel=\"canonical\" href=\"https:\/\/bauholz.at\/?page_id=18\" \/>\n<meta property=\"og:locale\" content=\"de_DE\" \/>\n<meta property=\"og:type\" content=\"article\" \/>\n<meta property=\"og:title\" content=\"\u00dcber uns - Bauholz\" \/>\n<meta property=\"og:description\" content=\"Zechner Holz Erfahrung seit 1901 in 4. Generation Der Holzbetrieb Zechner ist ein Betrieb mit Tradition. Zechner steht f\u00fcr Qualit\u00e4t und Kompetenz in Sachen Holz sowie Vermietung und Verpachtung. Die Qualit\u00e4t unserer Produkte liegt uns sehr am Herzen, und deshalb verwenden wir ausschlie\u00dflich heimische H\u00f6lzer: steirisches Holz. Wir sind auf Verpackungsholz IPPC\/ISPM 15, dem Handel [&hellip;]\" \/>\n<meta property=\"og:url\" content=\"https:\/\/bauholz.at\/?page_id=18\" \/>\n<meta property=\"og:site_name\" content=\"Bauholz\" \/>\n<meta property=\"article:modified_time\" content=\"2023-06-14T12:35:56+00:00\" \/>\n<meta property=\"og:image\" content=\"https:\/\/dev-bauholz.justdo-it.at\/wp-content\/uploads\/2023\/05\/Screenshot-2023-05-31-104619-e1685522976914.png\" \/>\n<meta name=\"twitter:card\" content=\"summary_large_image\" \/>\n<meta name=\"twitter:label1\" content=\"Gesch\u00e4tzte Lesezeit\" \/>\n\t<meta name=\"twitter:data1\" content=\"3\u00a0Minuten\" \/>\n<script type=\"application\/ld+json\" class=\"yoast-schema-graph\">{\"@context\":\"https:\\\/\\\/schema.org\",\"@graph\":[{\"@type\":\"WebPage\",\"@id\":\"https:\\\/\\\/bauholz.at\\\/?page_id=18\",\"url\":\"https:\\\/\\\/bauholz.at\\\/?page_id=18\",\"name\":\"\u00dcber uns - Bauholz\",\"isPartOf\":{\"@id\":\"https:\\\/\\\/bauholz.at\\\/#website\"},\"primaryImageOfPage\":{\"@id\":\"https:\\\/\\\/bauholz.at\\\/?page_id=18#primaryimage\"},\"image\":{\"@id\":\"https:\\\/\\\/bauholz.at\\\/?page_id=18#primaryimage\"},\"thumbnailUrl\":\"https:\\\/\\\/dev-bauholz.justdo-it.at\\\/wp-content\\\/uploads\\\/2023\\\/05\\\/Screenshot-2023-05-31-104619-e1685522976914.png\",\"datePublished\":\"2023-05-31T07:36:48+00:00\",\"dateModified\":\"2023-06-14T12:35:56+00:00\",\"breadcrumb\":{\"@id\":\"https:\\\/\\\/bauholz.at\\\/?page_id=18#breadcrumb\"},\"inLanguage\":\"de\",\"potentialAction\":[{\"@type\":\"ReadAction\",\"target\":[\"https:\\\/\\\/bauholz.at\\\/?page_id=18\"]}]},{\"@type\":\"ImageObject\",\"inLanguage\":\"de\",\"@id\":\"https:\\\/\\\/bauholz.at\\\/?page_id=18#primaryimage\",\"url\":\"https:\\\/\\\/dev-bauholz.justdo-it.at\\\/wp-content\\\/uploads\\\/2023\\\/05\\\/Screenshot-2023-05-31-104619-e1685522976914.png\",\"contentUrl\":\"https:\\\/\\\/dev-bauholz.justdo-it.at\\\/wp-content\\\/uploads\\\/2023\\\/05\\\/Screenshot-2023-05-31-104619-e1685522976914.png\"},{\"@type\":\"BreadcrumbList\",\"@id\":\"https:\\\/\\\/bauholz.at\\\/?page_id=18#breadcrumb\",\"itemListElement\":[{\"@type\":\"ListItem\",\"position\":1,\"name\":\"Startseite\",\"item\":\"https:\\\/\\\/bauholz.at\\\/\"},{\"@type\":\"ListItem\",\"position\":2,\"name\":\"\u00dcber uns\"}]},{\"@type\":\"WebSite\",\"@id\":\"https:\\\/\\\/bauholz.at\\\/#website\",\"url\":\"https:\\\/\\\/bauholz.at\\\/\",\"name\":\"Bauholz\",\"description\":\"\",\"potentialAction\":[{\"@type\":\"SearchAction\",\"target\":{\"@type\":\"EntryPoint\",\"urlTemplate\":\"https:\\\/\\\/bauholz.at\\\/?s={search_term_string}\"},\"query-input\":{\"@type\":\"PropertyValueSpecification\",\"valueRequired\":true,\"valueName\":\"search_term_string\"}}],\"inLanguage\":\"de\"}]}<\/script>\n<!-- \/ Yoast SEO plugin. -->","yoast_head_json":{"title":"\u00dcber uns - Bauholz","robots":{"index":"index","follow":"follow","max-snippet":"max-snippet:-1","max-image-preview":"max-image-preview:large","max-video-preview":"max-video-preview:-1"},"canonical":"https:\/\/bauholz.at\/?page_id=18","og_locale":"de_DE","og_type":"article","og_title":"\u00dcber uns - Bauholz","og_description":"Zechner Holz Erfahrung seit 1901 in 4. Generation Der Holzbetrieb Zechner ist ein Betrieb mit Tradition. Zechner steht f\u00fcr Qualit\u00e4t und Kompetenz in Sachen Holz sowie Vermietung und Verpachtung. Die Qualit\u00e4t unserer Produkte liegt uns sehr am Herzen, und deshalb verwenden wir ausschlie\u00dflich heimische H\u00f6lzer: steirisches Holz. Wir sind auf Verpackungsholz IPPC\/ISPM 15, dem Handel [&hellip;]","og_url":"https:\/\/bauholz.at\/?page_id=18","og_site_name":"Bauholz","article_modified_time":"2023-06-14T12:35:56+00:00","og_image":[{"url":"https:\/\/dev-bauholz.justdo-it.at\/wp-content\/uploads\/2023\/05\/Screenshot-2023-05-31-104619-e1685522976914.png","type":"","width":"","height":""}],"twitter_card":"summary_large_image","twitter_misc":{"Gesch\u00e4tzte Lesezeit":"3\u00a0Minuten"},"schema":{"@context":"https:\/\/schema.org","@graph":[{"@type":"WebPage","@id":"https:\/\/bauholz.at\/?page_id=18","url":"https:\/\/bauholz.at\/?page_id=18","name":"\u00dcber uns - Bauholz","isPartOf":{"@id":"https:\/\/bauholz.at\/#website"},"primaryImageOfPage":{"@id":"https:\/\/bauholz.at\/?page_id=18#primaryimage"},"image":{"@id":"https:\/\/bauholz.at\/?page_id=18#primaryimage"},"thumbnailUrl":"https:\/\/dev-bauholz.justdo-it.at\/wp-content\/uploads\/2023\/05\/Screenshot-2023-05-31-104619-e1685522976914.png","datePublished":"2023-05-31T07:36:48+00:00","dateModified":"2023-06-14T12:35:56+00:00","breadcrumb":{"@id":"https:\/\/bauholz.at\/?page_id=18#breadcrumb"},"inLanguage":"de","potentialAction":[{"@type":"ReadAction","target":["https:\/\/bauholz.at\/?page_id=18"]}]},{"@type":"ImageObject","inLanguage":"de","@id":"https:\/\/bauholz.at\/?page_id=18#primaryimage","url":"https:\/\/dev-bauholz.justdo-it.at\/wp-content\/uploads\/2023\/05\/Screenshot-2023-05-31-104619-e1685522976914.png","contentUrl":"https:\/\/dev-bauholz.justdo-it.at\/wp-content\/uploads\/2023\/05\/Screenshot-2023-05-31-104619-e1685522976914.png"},{"@type":"BreadcrumbList","@id":"https:\/\/bauholz.at\/?page_id=18#breadcrumb","itemListElement":[{"@type":"ListItem","position":1,"name":"Startseite","item":"https:\/\/bauholz.at\/"},{"@type":"ListItem","position":2,"name":"\u00dcber uns"}]},{"@type":"WebSite","@id":"https:\/\/bauholz.at\/#website","url":"https:\/\/bauholz.at\/","name":"Bauholz","description":"","potentialAction":[{"@type":"SearchAction","target":{"@type":"EntryPoint","urlTemplate":"https:\/\/bauholz.at\/?s={search_term_string}"},"query-input":{"@type":"PropertyValueSpecification","valueRequired":true,"valueName":"search_term_string"}}],"inLanguage":"de"}]}},"_links":{"self":[{"href":"https:\/\/bauholz.at\/index.php?rest_route=\/wp\/v2\/pages\/18","targetHints":{"allow":["GET"]}}],"collection":[{"href":"https:\/\/bauholz.at\/index.php?rest_route=\/wp\/v2\/pages"}],"about":[{"href":"https:\/\/bauholz.at\/index.php?rest_route=\/wp\/v2\/types\/page"}],"author":[{"embeddable":true,"href":"https:\/\/bauholz.at\/index.php?rest_route=\/wp\/v2\/users\/2"}],"replies":[{"embeddable":true,"href":"https:\/\/bauholz.at\/index.php?rest_route=%2Fwp%2Fv2%2Fcomments&post=18"}],"version-history":[{"count":46,"href":"https:\/\/bauholz.at\/index.php?rest_route=\/wp\/v2\/pages\/18\/revisions"}],"predecessor-version":[{"id":775,"href":"https:\/\/bauholz.at\/index.php?rest_route=\/wp\/v2\/pages\/18\/revisions\/775"}],"wp:attachment":[{"href":"https:\/\/bauholz.at\/index.php?rest_route=%2Fwp%2Fv2%2Fmedia&parent=18"}],"curies":[{"name":"wp","href":"https:\/\/api.w.org\/{rel}","templated":true}]}}